{"id":102,"date":"2013-06-17T11:55:24","date_gmt":"2013-06-17T09:55:24","guid":{"rendered":"http:\/\/www.mediadoc21.fr\/?page_id=102"},"modified":"2023-11-06T18:05:00","modified_gmt":"2023-11-06T16:05:00","slug":"sites-a-consulter","status":"publish","type":"page","link":"https:\/\/www.mediatech21.fr\/?page_id=102","title":{"rendered":"Sites \u00e0 consulter"},"content":{"rendered":"<p>Sites pouvant vous aider dans la pr\u00e9paration de vos rencontres :<\/p>\n<p><strong>Cat\u00e9ch\u00e8se et \u00e9veil \u00e0 la foi :<\/strong><\/p>\n<ul>\n<li><a href=\"https:\/\/contact81077.wixsite.com\/atc17\" target=\"_blank\" rel=\"noopener\">A travers chants<\/a><\/li>\n<li><a href=\"http:\/\/www.cadeaux-de-dieu.fr\/\" target=\"_blank\" rel=\"noopener\">Cadeaux de Dieu<\/a><\/li>\n<li><a href=\"https:\/\/www.kt42.fr\/\" target=\"_blank\" rel=\"noopener\">Cat\u00e9 42<\/a><\/li>\n<\/ul>\n<ul>\n<li><a href=\"http:\/\/www.paris.catholique.fr\/-enfance-catechisme-.html\" target=\"_blank\" rel=\"noopener\">Dioc\u00e8se de Paris<\/a><\/li>\n<li><a href=\"http:\/\/image-et-pastorale.fr\/\" target=\"_blank\" rel=\"noopener\">Image et Pastorale<\/a><\/li>\n<li><a href=\"http:\/\/initiationetviechretienne.fr\/catechese\/catechese-des-3-11-ans\/\" target=\"_blank\" rel=\"noopener\">Initiation et vie chr\u00e9tienne<\/a> (dioc\u00e8se de Lyon)<\/li>\n<li><a href=\"https:\/\/catechese.catholique.fr\/catechese-catechumenat-france\/\" target=\"_blank\" rel=\"noopener\">S<\/a><span style=\"color: #008080;\">ervice Cat\u00e9ch\u00e8se et Cat\u00e9chum\u00e9nat<\/span><\/li>\n<li><a href=\"http:\/\/www.theobule.org\" target=\"_blank\" rel=\"noopener\">Th\u00e9obule<\/a><\/li>\n<\/ul>\n<p><strong>Aum\u00f4nerie :<\/strong><\/p>\n<ul>\n<li><a href=\"http:\/\/image-et-pastorale.fr\/\" target=\"_blank\" rel=\"noopener\">Image et Pastorale<\/a><\/li>\n<li><a href=\"http:\/\/www.lejourduseigneur.com\/\" target=\"_blank\" rel=\"noopener\">Le Jour du Seigneur<\/a><\/li>\n<li><a href=\"https:\/\/www.netforgod.tv\/fr\/home\/films\" target=\"_blank\" rel=\"noopener\">Net for God<\/a> : site de la communaut\u00e9 du Chemin Neuf proposant des t\u00e9moignages sous forme de vid\u00e9os<\/li>\n<li><a href=\"https:\/\/catechese.catholique.fr\/outils\/revues\/\" target=\"_blank\" rel=\"noopener\">Cat\u00e9ch\u00e8se et Cat\u00e9chum\u00e9nat<\/a> : liens vers la revue Initiales et la revue L&rsquo;Oasis notamment (anciennement Eccl\u00e9sia)<\/li>\n<\/ul>\n<p><strong>Cin\u00e9ma :<\/strong><\/p>\n<ul>\n<li><a href=\"http:\/\/image-et-pastorale.fr\/cinema\/fiche-cinema\/\" target=\"_blank\" rel=\"noopener\">Fiches Cin\u00e9ma (Image et Pastorale)<\/a><\/li>\n<li><a href=\"https:\/\/catechese.catholique.fr\/outils\/recensions-videos\/\" target=\"_blank\" rel=\"noopener\">Fiches Cin\u00e9ma (SNCC)<\/a><\/li>\n<li><a href=\"https:\/\/www.catholique78.fr\/services\/centrededocumentation\/films\/\" target=\"_blank\" rel=\"noopener\">Fiches Cin\u00e9ma (Dioc\u00e8se de Versailles)<\/a><\/li>\n<\/ul>\n<p><strong>Divers :<\/strong><\/p>\n<ul>\n<li><a href=\"http:\/\/www.bayard-jeunesse.com\/\" target=\"_blank\" rel=\"noopener\">Bayard Jeunesse<\/a><\/li>\n<li><a title=\"Dioc\u00e8se de Dijon\" href=\"http:\/\/diocese-dijon.com\/\" target=\"_blank\" rel=\"noopener\">Dioc\u00e8se de Dijon<\/a><\/li>\n<li><a href=\"http:\/\/www.laprocure.com\/\" target=\"_blank\" rel=\"noopener\">La Procure<\/a><\/li>\n<li><a href=\"https:\/\/www.editionsleseneve.fr\/home\" target=\"_blank\" rel=\"noopener\">Le S\u00e9nev\u00e9<\/a><\/li>\n<li><a href=\"http:\/\/www.editions-mediaclap.fr\/\" target=\"_blank\" rel=\"noopener\">Mediaclap<\/a><\/li>\n<li><a href=\"https:\/\/www.narthex.fr\/blogs\/blog-video-limage-a-la-cle\" target=\"_blank\" rel=\"noopener\">Narthex : blog l&rsquo;image \u00e0 la cl\u00e9<\/a><\/li>\n<\/ul>\n","protected":false},"excerpt":{"rendered":"<p>Sites pouvant vous aider dans la pr\u00e9paration de vos rencontres : Cat\u00e9ch\u00e8se et \u00e9veil \u00e0 la foi : A travers chants Cadeaux de Dieu Cat\u00e9 42 Dioc\u00e8se de Paris Image et Pastorale Initiation et vie chr\u00e9tienne (dioc\u00e8se de Lyon) Service Cat\u00e9ch\u00e8se et Cat\u00e9chum\u00e9nat Th\u00e9obule Aum\u00f4nerie : Image et Pastorale Le Jour du Seigneur Net for &hellip; <\/p>\n<p><a class=\"more-link btn\" href=\"https:\/\/www.mediatech21.fr\/?page_id=102\">Lire la suite<\/a><\/p>\n","protected":false},"author":1,"featured_media":0,"parent":95,"menu_order":0,"comment_status":"open","ping_status":"open","template":"","meta":{"footnotes":""},"_links":{"self":[{"href":"https:\/\/www.mediatech21.fr\/index.php?rest_route=\/wp\/v2\/pages\/102"}],"collection":[{"href":"https:\/\/www.mediatech21.fr\/index.php?rest_route=\/wp\/v2\/pages"}],"about":[{"href":"https:\/\/www.mediatech21.fr\/index.php?rest_route=\/wp\/v2\/types\/page"}],"author":[{"embeddable":true,"href":"https:\/\/www.mediatech21.fr\/index.php?rest_route=\/wp\/v2\/users\/1"}],"replies":[{"embeddable":true,"href":"https:\/\/www.mediatech21.fr\/index.php?rest_route=%2Fwp%2Fv2%2Fcomments&post=102"}],"version-history":[{"count":30,"href":"https:\/\/www.mediatech21.fr\/index.php?rest_route=\/wp\/v2\/pages\/102\/revisions"}],"predecessor-version":[{"id":1750,"href":"https:\/\/www.mediatech21.fr\/index.php?rest_route=\/wp\/v2\/pages\/102\/revisions\/1750"}],"up":[{"embeddable":true,"href":"https:\/\/www.mediatech21.fr\/index.php?rest_route=\/wp\/v2\/pages\/95"}],"wp:attachment":[{"href":"https:\/\/www.mediatech21.fr\/index.php?rest_route=%2Fwp%2Fv2%2Fmedia&parent=102"}],"curies":[{"name":"wp","href":"https:\/\/api.w.org\/{rel}","templated":true}]}}